{"id":393,"date":"2023-05-25T13:28:25","date_gmt":"2023-05-25T11:28:25","guid":{"rendered":"https:\/\/fundaciomonclinicbarcelona.cat\/quienes-somos\/"},"modified":"2025-12-15T14:08:31","modified_gmt":"2025-12-15T12:08:31","slug":"quienes-somos","status":"publish","type":"page","link":"https:\/\/fundaciomonclinicbarcelona.cat\/es\/quienes-somos\/","title":{"rendered":"Qui\u00e9nes somos"},"content":{"rendered":"<p>[et_pb_section fb_built=\u00bb1&#8243; _builder_version=\u00bb4.20.2&#8243; _module_preset=\u00bbdefault\u00bb background_color=\u00bb#184887&#8243; global_colors_info=\u00bb{}\u00bb][et_pb_row _builder_version=\u00bb4.20.2&#8243; _module_preset=\u00bbdefault\u00bb global_colors_info=\u00bb{}\u00bb][et_pb_column type=\u00bb4_4&#8243; _builder_version=\u00bb4.20.2&#8243; _module_preset=\u00bbdefault\u00bb global_colors_info=\u00bb{}\u00bb][et_pb_post_title meta=\u00bboff\u00bb featured_image=\u00bboff\u00bb _builder_version=\u00bb4.20.2&#8243; _module_preset=\u00bbdefault\u00bb title_font=\u00bb|700|||||||\u00bb title_text_color=\u00bb#FFFFFF\u00bb custom_padding=\u00bb120px||120px||true|false\u00bb border_color_left=\u00bb#FFFFFF\u00bb global_colors_info=\u00bb{}\u00bb][\/et_pb_post_title][\/et_pb_column][\/et_pb_row][\/et_pb_section][et_pb_section fb_built=\u00bb1&#8243; _builder_version=\u00bb4.20.2&#8243; _module_preset=\u00bbdefault\u00bb background_color=\u00bbRGBA(136,210,228,0.2)\u00bb global_colors_info=\u00bb{}\u00bb][et_pb_row _builder_version=\u00bb4.20.2&#8243; _module_preset=\u00bbdefault\u00bb global_colors_info=\u00bb{}\u00bb][et_pb_column type=\u00bb4_4&#8243; _builder_version=\u00bb4.20.2&#8243; _module_preset=\u00bbdefault\u00bb global_colors_info=\u00bb{}\u00bb][et_pb_text _builder_version=\u00bb4.20.2&#8243; _module_preset=\u00bbdefault\u00bb header_4_text_color=\u00bb#184887&#8243; header_4_line_height=\u00bb28px\u00bb custom_padding=\u00bb40px||40px||true|false\u00bb global_colors_info=\u00bb{}\u00bb]<\/p>\n<h4 class=\"p1\">Somos una entidad privada, sin \u00e1nimo de lucro, con profundo arraigo en el Cl\u00ednic Barcelona.<\/h4>\n<p>[\/et_pb_text][\/et_pb_column][\/et_pb_row][\/et_pb_section][et_pb_section fb_built=\u00bb1&#8243; module_id=\u00bbMisi\u00f3n\u00bb _builder_version=\u00bb4.20.2&#8243; _module_preset=\u00bbdefault\u00bb custom_padding=\u00bb50px||50px||true|false\u00bb global_colors_info=\u00bb{}\u00bb][et_pb_row _builder_version=\u00bb4.20.2&#8243; _module_preset=\u00bbdefault\u00bb custom_padding=\u00bb||20px||false|false\u00bb global_colors_info=\u00bb{}\u00bb][et_pb_column type=\u00bb4_4&#8243; _builder_version=\u00bb4.20.2&#8243; _module_preset=\u00bbdefault\u00bb global_colors_info=\u00bb{}\u00bb][et_pb_text _builder_version=\u00bb4.20.2&#8243; _module_preset=\u00bbdefault\u00bb header_3_font=\u00bb|600|||||||\u00bb header_3_text_align=\u00bbcenter\u00bb header_3_text_color=\u00bb#707070&#8243; header_3_font_size=\u00bb28px\u00bb global_colors_info=\u00bb{}\u00bb]<\/p>\n<h3>Misi\u00f3n<\/h3>\n<p>[\/et_pb_text][\/et_pb_column][\/et_pb_row][et_pb_row column_structure=\u00bb1_2,1_2&#8243; use_custom_gutter=\u00bbon\u00bb gutter_width=\u00bb3&#8243; _builder_version=\u00bb4.20.2&#8243; _module_preset=\u00bbdefault\u00bb global_colors_info=\u00bb{}\u00bb][et_pb_column type=\u00bb1_2&#8243; _builder_version=\u00bb4.20.2&#8243; _module_preset=\u00bbdefault\u00bb global_colors_info=\u00bb{}\u00bb][et_pb_text _builder_version=\u00bb4.20.2&#8243; _module_preset=\u00bbdefault\u00bb text_font=\u00bb|300|||||||\u00bb text_text_color=\u00bb#184887&#8243; text_font_size=\u00bb38px\u00bb text_line_height=\u00bb38px\u00bb custom_padding=\u00bb20px||20px||false|false\u00bb border_width_bottom=\u00bb3px\u00bb border_color_bottom=\u00bb#184887&#8243; global_colors_info=\u00bb{}\u00bb]<\/p>\n<p class=\"p1\">Proteger la sanidad y fortalecer la salud de las personas con el fin de ayudar a la mejora de la calidad de vida de todos los ciudadanos y potenciar el progreso de los profesionales de la salud.<\/p>\n<p>[\/et_pb_text][\/et_pb_column][et_pb_column type=\u00bb1_2&#8243; _builder_version=\u00bb4.20.2&#8243; _module_preset=\u00bbdefault\u00bb global_colors_info=\u00bb{}\u00bb][et_pb_image src=\u00bbhttps:\/\/fundaciomonclinicbarcelona.cat\/wp-content\/uploads\/2023\/04\/fons-hero-1.jpg\u00bb title_text=\u00bbfons-hero-1&#8243; _builder_version=\u00bb4.20.2&#8243; _module_preset=\u00bbdefault\u00bb global_colors_info=\u00bb{}\u00bb][\/et_pb_image][\/et_pb_column][\/et_pb_row][\/et_pb_section][et_pb_section fb_built=\u00bb1&#8243; _builder_version=\u00bb4.20.2&#8243; _module_preset=\u00bbdefault\u00bb background_enable_color=\u00bboff\u00bb custom_padding=\u00bb50px||50px||true|false\u00bb global_colors_info=\u00bb{}\u00bb][et_pb_row use_custom_gutter=\u00bbon\u00bb gutter_width=\u00bb3&#8243; _builder_version=\u00bb4.20.2&#8243; _module_preset=\u00bbdefault\u00bb global_colors_info=\u00bb{}\u00bb][et_pb_column type=\u00bb4_4&#8243; _builder_version=\u00bb4.20.2&#8243; _module_preset=\u00bbdefault\u00bb global_colors_info=\u00bb{}\u00bb][et_pb_text _builder_version=\u00bb4.20.2&#8243; _module_preset=\u00bbdefault\u00bb header_3_font=\u00bb|600|||||||\u00bb header_3_text_align=\u00bbcenter\u00bb header_3_text_color=\u00bb#707070&#8243; header_3_font_size=\u00bb28px\u00bb global_colors_info=\u00bb{}\u00bb]<\/p>\n<h3>Visi\u00f3n<\/h3>\n<p>[\/et_pb_text][\/et_pb_column][\/et_pb_row][et_pb_row use_custom_gutter=\u00bbon\u00bb gutter_width=\u00bb3&#8243; _builder_version=\u00bb4.20.2&#8243; _module_preset=\u00bbdefault\u00bb global_colors_info=\u00bb{}\u00bb][et_pb_column type=\u00bb4_4&#8243; _builder_version=\u00bb4.20.2&#8243; _module_preset=\u00bbdefault\u00bb global_colors_info=\u00bb{}\u00bb][et_pb_text ul_type=\u00bbsquare\u00bb ul_item_indent=\u00bb20px\u00bb _builder_version=\u00bb4.20.2&#8243; _module_preset=\u00bbdefault\u00bb text_text_color=\u00bb#707070&#8243; ul_text_color=\u00bb#184887&#8243; ul_line_height=\u00bb1.8em\u00bb global_colors_info=\u00bb{}\u00bb]<\/p>\n<p class=\"p1\" style=\"text-align: center;\">Queremos ser una organizaci\u00f3n:<\/p>\n<p>[\/et_pb_text][\/et_pb_column][\/et_pb_row][et_pb_row column_structure=\u00bb1_3,1_3,1_3&#8243; use_custom_gutter=\u00bbon\u00bb gutter_width=\u00bb3&#8243; _builder_version=\u00bb4.20.2&#8243; _module_preset=\u00bbdefault\u00bb custom_padding=\u00bb30px||30px||true|false\u00bb global_colors_info=\u00bb{}\u00bb][et_pb_column type=\u00bb1_3&#8243; _builder_version=\u00bb4.20.2&#8243; _module_preset=\u00bbdefault\u00bb global_colors_info=\u00bb{}\u00bb][et_pb_icon font_icon=\u00bb&#xe03c;||divi||400&#8243; icon_width=\u00bb80px\u00bb _builder_version=\u00bb4.20.2&#8243; _module_preset=\u00bbdefault\u00bb global_colors_info=\u00bb{}\u00bb][\/et_pb_icon][et_pb_text ul_type=\u00bbsquare\u00bb ul_item_indent=\u00bb20px\u00bb _builder_version=\u00bb4.20.2&#8243; _module_preset=\u00bbdefault\u00bb text_font=\u00bb|700|||||||\u00bb text_text_color=\u00bb#184887&#8243; text_font_size=\u00bb18px\u00bb ul_text_color=\u00bb#184887&#8243; ul_line_height=\u00bb1.8em\u00bb text_orientation=\u00bbcenter\u00bb global_colors_info=\u00bb{}\u00bb]<\/p>\n<p class=\"p1\">Innovadora que avanza hacia un modelo sostenible de excelencia, que act\u00faa internacionalmente y quiere ser referente en sus l\u00edneas de actividad.<\/p>\n<p>[\/et_pb_text][\/et_pb_column][et_pb_column type=\u00bb1_3&#8243; _builder_version=\u00bb4.20.2&#8243; _module_preset=\u00bbdefault\u00bb global_colors_info=\u00bb{}\u00bb][et_pb_icon font_icon=\u00bb&#xf4da;||fa||900&#8243; icon_width=\u00bb80px\u00bb _builder_version=\u00bb4.20.2&#8243; _module_preset=\u00bbdefault\u00bb global_colors_info=\u00bb{}\u00bb][\/et_pb_icon][et_pb_text ul_type=\u00bbsquare\u00bb ul_item_indent=\u00bb20px\u00bb _builder_version=\u00bb4.20.2&#8243; _module_preset=\u00bbdefault\u00bb text_font=\u00bb|700|||||||\u00bb text_text_color=\u00bb#184887&#8243; text_font_size=\u00bb18px\u00bb ul_text_color=\u00bb#184887&#8243; ul_line_height=\u00bb1.8em\u00bb text_orientation=\u00bbcenter\u00bb global_colors_info=\u00bb{}\u00bb]<\/p>\n<p>Con esp\u00edritu y vocaci\u00f3n de servicio, generando confianza entre nuestros usuarios.<\/p>\n<p>[\/et_pb_text][\/et_pb_column][et_pb_column type=\u00bb1_3&#8243; _builder_version=\u00bb4.20.2&#8243; _module_preset=\u00bbdefault\u00bb global_colors_info=\u00bb{}\u00bb][et_pb_icon font_icon=\u00bb&#xf500;||fa||900&#8243; icon_width=\u00bb80px\u00bb _builder_version=\u00bb4.20.2&#8243; _module_preset=\u00bbdefault\u00bb global_colors_info=\u00bb{}\u00bb][\/et_pb_icon][et_pb_text ul_type=\u00bbsquare\u00bb ul_item_indent=\u00bb20px\u00bb _builder_version=\u00bb4.20.2&#8243; _module_preset=\u00bbdefault\u00bb text_font=\u00bb|700|||||||\u00bb text_text_color=\u00bb#184887&#8243; text_font_size=\u00bb18px\u00bb ul_text_color=\u00bb#184887&#8243; ul_line_height=\u00bb1.8em\u00bb text_orientation=\u00bbcenter\u00bb global_colors_info=\u00bb{}\u00bb]<\/p>\n<p>Basada en el conocimiento y en un equipo humano cohesionado y comprometido.<\/p>\n<p>[\/et_pb_text][\/et_pb_column][\/et_pb_row][\/et_pb_section][et_pb_section fb_built=\u00bb1&#8243; module_id=\u00bbvalores\u00bb _builder_version=\u00bb4.20.2&#8243; _module_preset=\u00bbdefault\u00bb custom_padding=\u00bb50px||50px||true|false\u00bb global_colors_info=\u00bb{}\u00bb][et_pb_row use_custom_gutter=\u00bbon\u00bb gutter_width=\u00bb3&#8243; _builder_version=\u00bb4.20.2&#8243; _module_preset=\u00bbdefault\u00bb global_colors_info=\u00bb{}\u00bb][et_pb_column type=\u00bb4_4&#8243; _builder_version=\u00bb4.20.2&#8243; _module_preset=\u00bbdefault\u00bb global_colors_info=\u00bb{}\u00bb][et_pb_text _builder_version=\u00bb4.20.2&#8243; _module_preset=\u00bbdefault\u00bb header_3_font=\u00bb|600|||||||\u00bb header_3_text_align=\u00bbcenter\u00bb header_3_text_color=\u00bb#707070&#8243; header_3_font_size=\u00bb28px\u00bb global_colors_info=\u00bb{}\u00bb]<\/p>\n<h3>Valores<\/h3>\n<p>&nbsp;<\/p>\n<p>[\/et_pb_text][\/et_pb_column][\/et_pb_row][et_pb_row column_structure=\u00bb1_4,1_4,1_4,1_4&#8243; use_custom_gutter=\u00bbon\u00bb gutter_width=\u00bb3&#8243; _builder_version=\u00bb4.20.2&#8243; _module_preset=\u00bbdefault\u00bb global_colors_info=\u00bb{}\u00bb][et_pb_column type=\u00bb1_4&#8243; _builder_version=\u00bb4.20.2&#8243; _module_preset=\u00bbdefault\u00bb global_colors_info=\u00bb{}\u00bb][et_pb_blurb title=\u00bbVocaci\u00f3n de servicio\u00bb use_icon=\u00bbon\u00bb font_icon=\u00bb&#xf4fc;||fa||900&#8243; image_icon_width=\u00bb50px\u00bb _builder_version=\u00bb4.20.2&#8243; _module_preset=\u00bbdefault\u00bb header_font=\u00bb|600|||||||\u00bb header_text_align=\u00bbcenter\u00bb header_text_color=\u00bb#184887&#8243; body_font=\u00bb||||||||\u00bb body_text_align=\u00bbcenter\u00bb body_text_color=\u00bb#707070&#8243; image_icon_custom_padding=\u00bb35px|30px|35px|30px|true|true\u00bb border_radii_image=\u00bbon|50%|50%|50%|50%\u00bb border_width_all_image=\u00bb2px\u00bb border_color_all_image=\u00bb#184887&#8243; global_colors_info=\u00bb{}\u00bb]<\/p>\n<p class=\"p1\">Compromiso para entender las necesidades de los clientes y capacidad para dar respuesta a sus expectativas.<\/p>\n<p>[\/et_pb_blurb][\/et_pb_column][et_pb_column type=\u00bb1_4&#8243; _builder_version=\u00bb4.20.2&#8243; _module_preset=\u00bbdefault\u00bb global_colors_info=\u00bb{}\u00bb][et_pb_blurb title=\u00bbTransparencia\u00bb use_icon=\u00bbon\u00bb font_icon=\u00bb&#xe065;||divi||400&#8243; image_icon_width=\u00bb50px\u00bb _builder_version=\u00bb4.20.2&#8243; _module_preset=\u00bbdefault\u00bb header_font=\u00bb|600|||||||\u00bb header_text_align=\u00bbcenter\u00bb header_text_color=\u00bb#184887&#8243; body_font=\u00bb||||||||\u00bb body_text_align=\u00bbcenter\u00bb body_text_color=\u00bb#707070&#8243; image_icon_custom_padding=\u00bb35px|35px|35px|35px|true|true\u00bb border_radii_image=\u00bbon|50%|50%|50%|50%\u00bb border_width_all_image=\u00bb2px\u00bb border_color_all_image=\u00bb#184887&#8243; global_colors_info=\u00bb{}\u00bb]<\/p>\n<p class=\"p1\">Capacidad de comunicar de forma sincera y veraz, QU\u00c9 hacemos y C\u00d3MO lo hacemos, generando confianza, credibilidad y reputaci\u00f3n ante los diferentes grupos de inter\u00e9s.<\/p>\n<p>[\/et_pb_blurb][\/et_pb_column][et_pb_column type=\u00bb1_4&#8243; _builder_version=\u00bb4.20.2&#8243; _module_preset=\u00bbdefault\u00bb global_colors_info=\u00bb{}\u00bb][et_pb_blurb title=\u00bbInnovaci\u00f3n\u00bb use_icon=\u00bbon\u00bb font_icon=\u00bb&#xf0eb;||fa||900&#8243; image_icon_width=\u00bb50px\u00bb _builder_version=\u00bb4.20.2&#8243; _module_preset=\u00bbdefault\u00bb header_font=\u00bb|600|||||||\u00bb header_text_align=\u00bbcenter\u00bb header_text_color=\u00bb#184887&#8243; body_font=\u00bb||||||||\u00bb body_text_align=\u00bbcenter\u00bb body_text_color=\u00bb#707070&#8243; image_icon_custom_padding=\u00bb35px|43px|35px|43px|true|true\u00bb border_radii_image=\u00bbon|50%|50%|50%|50%\u00bb border_width_all_image=\u00bb2px\u00bb border_color_all_image=\u00bb#184887&#8243; global_colors_info=\u00bb{}\u00bb]<\/p>\n<p class=\"p1\">Capacidad para desarrollar ideas para mejorar el servicio prestado a nuestros usuarios, tanto internos como externos.<\/p>\n<p>[\/et_pb_blurb][\/et_pb_column][et_pb_column type=\u00bb1_4&#8243; _builder_version=\u00bb4.20.2&#8243; _module_preset=\u00bbdefault\u00bb global_colors_info=\u00bb{}\u00bb][et_pb_blurb title=\u00bbExcelencia\u00bb use_icon=\u00bbon\u00bb font_icon=\u00bb&#xf5a2;||fa||900&#8243; image_icon_width=\u00bb50px\u00bb _builder_version=\u00bb4.20.2&#8243; _module_preset=\u00bbdefault\u00bb header_font=\u00bb|600|||||||\u00bb header_text_align=\u00bbcenter\u00bb header_text_color=\u00bb#184887&#8243; body_font=\u00bb||||||||\u00bb body_text_align=\u00bbcenter\u00bb body_text_color=\u00bb#707070&#8243; image_icon_custom_padding=\u00bb35px|36px|35px|36px|true|true\u00bb border_radii_image=\u00bbon|50%|50%|50%|50%\u00bb border_width_all_image=\u00bb2px\u00bb border_color_all_image=\u00bb#184887&#8243; global_colors_info=\u00bb{}\u00bb]<\/p>\n<p class=\"p1\">Talento para superar los est\u00e1ndares de calidad en la consecuci\u00f3n de los objetivos, mediante esfuerzo y mejora continua para convertirse en referentes.<\/p>\n<p>[\/et_pb_blurb][\/et_pb_column][\/et_pb_row][\/et_pb_section][et_pb_section fb_built=\u00bb1&#8243; module_id=\u00bbpatronato\u00bb _builder_version=\u00bb4.20.2&#8243; _module_preset=\u00bbdefault\u00bb background_color=\u00bbRGBA(136,210,228,0.2)\u00bb custom_padding=\u00bb50px||50px||true|false\u00bb hover_enabled=\u00bb0&#8243; global_colors_info=\u00bb{}\u00bb sticky_enabled=\u00bb0&#8243;][et_pb_row use_custom_gutter=\u00bbon\u00bb gutter_width=\u00bb3&#8243; _builder_version=\u00bb4.20.2&#8243; _module_preset=\u00bbdefault\u00bb global_colors_info=\u00bb{}\u00bb][et_pb_column type=\u00bb4_4&#8243; _builder_version=\u00bb4.20.2&#8243; _module_preset=\u00bbdefault\u00bb global_colors_info=\u00bb{}\u00bb][et_pb_text _builder_version=\u00bb4.20.2&#8243; _module_preset=\u00bbdefault\u00bb header_3_font=\u00bb|600|||||||\u00bb header_3_text_align=\u00bbcenter\u00bb header_3_text_color=\u00bb#707070&#8243; header_3_font_size=\u00bb28px\u00bb global_colors_info=\u00bb{}\u00bb]<\/p>\n<h3>Patronato<\/h3>\n<p>[\/et_pb_text][\/et_pb_column][\/et_pb_row][et_pb_row column_structure=\u00bb1_4,1_4,1_4,1_4&#8243; use_custom_gutter=\u00bbon\u00bb gutter_width=\u00bb3&#8243; _builder_version=\u00bb4.20.2&#8243; _module_preset=\u00bbdefault\u00bb custom_margin=\u00bb||20px||false|false\u00bb global_colors_info=\u00bb{}\u00bb][et_pb_column type=\u00bb1_4&#8243; _builder_version=\u00bb4.20.2&#8243; _module_preset=\u00bbdefault\u00bb global_colors_info=\u00bb{}\u00bb][et_pb_team_member name=\u00bbLlu\u00eds Donoso Bach\u00bb position=\u00bbPresidente\u00bb image_url=\u00bbhttps:\/\/fundaciomonclinicbarcelona.cat\/wp-content\/uploads\/2025\/12\/p26_1_Wed_GM-Donoso-Luis.jpg\u00bb _builder_version=\u00bb4.20.2&#8243; _module_preset=\u00bbdefault\u00bb header_font=\u00bb|600|||||||\u00bb header_text_align=\u00bbcenter\u00bb header_text_color=\u00bb#184887&#8243; position_text_align=\u00bbcenter\u00bb custom_css_member_image=\u00bbclip-path:circle(50%);||width:180px;||height:180px;||overflow:hidden;||margin:20px auto 20px !important;||\u00bb custom_css_member_position=\u00bbmargin-bottom:10px;\u00bb global_colors_info=\u00bb{}\u00bb]<\/p>\n<p style=\"text-align: center;\"><span>M\u00e9dico Radi\u00f3logo. Ex-Director del Centro de Diagn\u00f3stico por la Imagen del Hospital Cl\u00ednic de Barcelona.  <\/span>Director de la <i>C\u00e1tedra UB-Siemens <\/i><i>Healthineers<\/i><i> sobre Salud Digital<\/i><\/p>\n<p>[\/et_pb_team_member][\/et_pb_column][et_pb_column type=\u00bb1_4&#8243; _builder_version=\u00bb4.20.2&#8243; _module_preset=\u00bbdefault\u00bb global_colors_info=\u00bb{}\u00bb][et_pb_team_member name=\u00bbM\u00aa Teresa Estrach Panella\u00bb position=\u00bbVicepresidenta\u00bb image_url=\u00bbhttps:\/\/fundaciomonclinicbarcelona.cat\/wp-content\/uploads\/2023\/05\/Ma-Teresa-Estrach2-1.png\u00bb _builder_version=\u00bb4.20.2&#8243; _module_preset=\u00bbdefault\u00bb header_font=\u00bb|600|||||||\u00bb header_text_align=\u00bbcenter\u00bb header_text_color=\u00bb#184887&#8243; position_text_align=\u00bbcenter\u00bb custom_css_member_image=\u00bbclip-path:circle(50%);||width:180px;||height:180px;||overflow:hidden;||margin:20px auto 20px !important;||\u00bb custom_css_member_position=\u00bbmargin-bottom:10px;\u00bb global_colors_info=\u00bb{}\u00bb]<\/p>\n<div class=\"x_x_x_elementToProof\" style=\"text-align: center;\">Consultora em\u00e9rita <strong>Hospital Cl\u00ednic<\/strong><\/div>\n<div class=\"x_x_x_elementToProof\" style=\"text-align: center;\">Catedr\u00e1tica em\u00e9rita Universitat de Barcelona<\/div>\n<p>[\/et_pb_team_member][\/et_pb_column][et_pb_column type=\u00bb1_4&#8243; _builder_version=\u00bb4.20.2&#8243; _module_preset=\u00bbdefault\u00bb global_colors_info=\u00bb{}\u00bb][et_pb_team_member name=\u00bbMargarida Jans\u00e0 i Morat\u00f3\u00bb position=\u00bbVocal\u00bb image_url=\u00bbhttps:\/\/fundaciomonclinicbarcelona.cat\/wp-content\/uploads\/2023\/06\/Foto-Margarida-Jansa.jpg\u00bb _builder_version=\u00bb4.20.2&#8243; _module_preset=\u00bbdefault\u00bb header_font=\u00bb|600|||||||\u00bb header_text_align=\u00bbcenter\u00bb header_text_color=\u00bb#184887&#8243; position_text_align=\u00bbcenter\u00bb custom_css_member_image=\u00bbclip-path:circle(50%);||width:180px;||height:180px;||overflow:hidden;||margin:20px auto 20px !important;||\u00bb custom_css_member_position=\u00bbmargin-bottom:10px;\u00bb global_colors_info=\u00bb{}\u00bb]<\/p>\n<p style=\"text-align: center;\">Enfermera <span>de pr\u00e1ctica avanzada en la atenci\u00f3n y educaci\u00f3n de la diabetes<\/span>. <strong>Hospital Cl\u00ednic de Barcelona<\/strong><\/p>\n<p>[\/et_pb_team_member][\/et_pb_column][et_pb_column type=\u00bb1_4&#8243; _builder_version=\u00bb4.20.2&#8243; _module_preset=\u00bbdefault\u00bb global_colors_info=\u00bb{}\u00bb][et_pb_team_member name=\u00bbEnric Banda Tarradellas\u00bb position=\u00bbVocal\u00bb image_url=\u00bbhttps:\/\/fundaciomonclinicbarcelona.cat\/wp-content\/uploads\/2023\/05\/Enric-Banda.jpg\u00bb _builder_version=\u00bb4.20.2&#8243; _module_preset=\u00bbdefault\u00bb header_font=\u00bb|600|||||||\u00bb header_text_align=\u00bbcenter\u00bb header_text_color=\u00bb#184887&#8243; position_text_align=\u00bbcenter\u00bb custom_css_member_image=\u00bbclip-path:circle(50%);||width:180px;||height:180px;||overflow:hidden;||margin:20px auto 20px !important;||\u00bb custom_css_member_position=\u00bbmargin-bottom:10px;\u00bb global_colors_info=\u00bb{}\u00bb]<\/p>\n<p class=\"x_MsoNormal\" style=\"text-align: center;\"><span lang=\"CA\">Consejero senior del<span> <\/span><b>Barcelona Supercomputing Center. <\/b><\/span><span lang=\"CA\">P<\/span><span style=\"font-size: 15px;\">residente del Consejo Asesor de Ciencia, Tecnolog\u00eda e Innovaci\u00f3n del MICIU<\/span><\/p>\n<p>[\/et_pb_team_member][\/et_pb_column][\/et_pb_row][et_pb_row column_structure=\u00bb1_4,1_4,1_4,1_4&#8243; use_custom_gutter=\u00bbon\u00bb gutter_width=\u00bb3&#8243; _builder_version=\u00bb4.20.2&#8243; _module_preset=\u00bbdefault\u00bb global_colors_info=\u00bb{}\u00bb][et_pb_column type=\u00bb1_4&#8243; _builder_version=\u00bb4.20.2&#8243; _module_preset=\u00bbdefault\u00bb global_colors_info=\u00bb{}\u00bb][et_pb_team_member name=\u00bbJorge Arqu\u00e9s Pica\u00f1ol\u00bb position=\u00bbVocal\u00bb image_url=\u00bbhttps:\/\/fundaciomonclinicbarcelona.cat\/wp-content\/uploads\/2023\/05\/Jorge_Arques1_BN.png\u00bb _builder_version=\u00bb4.20.2&#8243; _module_preset=\u00bbdefault\u00bb header_font=\u00bb|600|||||||\u00bb header_text_align=\u00bbcenter\u00bb header_text_color=\u00bb#184887&#8243; position_text_align=\u00bbcenter\u00bb custom_css_member_image=\u00bbclip-path:circle(50%);||width:180px;||height:180px;||overflow:hidden;||margin:20px auto 20px !important;||\u00bb custom_css_member_position=\u00bbmargin-bottom:10px;\u00bb global_colors_info=\u00bb{}\u00bb]<\/p>\n<p style=\"text-align: center;\"><span>Abogado y Economista<br \/>Socio Em\u00e9rito de<strong> Cuatrecasas<\/strong><\/span><\/p>\n<p>[\/et_pb_team_member][\/et_pb_column][et_pb_column type=\u00bb1_4&#8243; _builder_version=\u00bb4.20.2&#8243; _module_preset=\u00bbdefault\u00bb global_colors_info=\u00bb{}\u00bb][et_pb_team_member name=\u00bbMarta Lacambra Puig\u00bb position=\u00bbVocal\u00bb image_url=\u00bbhttps:\/\/fundaciomonclinicbarcelona.cat\/wp-content\/uploads\/2023\/05\/Marta-Lacambra_0.jpg\u00bb _builder_version=\u00bb4.20.2&#8243; _module_preset=\u00bbdefault\u00bb header_font=\u00bb|600|||||||\u00bb header_text_align=\u00bbcenter\u00bb header_text_color=\u00bb#184887&#8243; position_text_align=\u00bbcenter\u00bb custom_css_member_image=\u00bbclip-path:circle(50%);||width:180px;||height:180px;||overflow:hidden;||margin:20px auto 20px !important;||\u00bb custom_css_member_position=\u00bbmargin-bottom:10px;\u00bb global_colors_info=\u00bb{}\u00bb]<\/p>\n<p style=\"text-align: center;\">Directora General <strong>Fundaci\u00f3 Catalunya La Pedrera<\/strong><\/p>\n<p>[\/et_pb_team_member][\/et_pb_column][et_pb_column type=\u00bb1_4&#8243; _builder_version=\u00bb4.20.2&#8243; _module_preset=\u00bbdefault\u00bb global_colors_info=\u00bb{}\u00bb][et_pb_team_member name=\u00bbXavier Brossa Galofr\u00e9\u00bb position=\u00bbVocal\u00bb image_url=\u00bbhttps:\/\/fundaciomonclinicbarcelona.cat\/wp-content\/uploads\/2023\/05\/xavier-brossa1.jpg\u00bb _builder_version=\u00bb4.20.2&#8243; _module_preset=\u00bbdefault\u00bb header_font=\u00bb|600|||||||\u00bb header_text_align=\u00bbcenter\u00bb header_text_color=\u00bb#184887&#8243; position_text_align=\u00bbcenter\u00bb custom_css_member_image=\u00bbclip-path:circle(50%);||width:180px;||height:180px;||overflow:hidden;||margin:20px auto 20px !important;||\u00bb custom_css_member_position=\u00bbmargin-bottom:10px;\u00bb global_colors_info=\u00bb{}\u00bb]<\/p>\n<p style=\"text-align: center;\">Consejero independiente<\/p>\n<p>[\/et_pb_team_member][\/et_pb_column][et_pb_column type=\u00bb1_4&#8243; _builder_version=\u00bb4.20.2&#8243; _module_preset=\u00bbdefault\u00bb global_colors_info=\u00bb{}\u00bb][et_pb_team_member name=\u00bbDr. Eduard Gratac\u00f3s i Solsona\u00bb position=\u00bbVocal\u00bb image_url=\u00bbhttps:\/\/fundaciomonclinicbarcelona.cat\/wp-content\/uploads\/2025\/12\/imagen.jpg\u00bb _builder_version=\u00bb4.20.2&#8243; _module_preset=\u00bbdefault\u00bb header_font=\u00bb|600|||||||\u00bb header_text_align=\u00bbcenter\u00bb header_text_color=\u00bb#184887&#8243; position_text_align=\u00bbcenter\u00bb hover_enabled=\u00bb0&#8243; custom_css_member_image=\u00bbclip-path:circle(50%);||width:180px;||height:180px;||overflow:hidden;||margin:20px auto 20px !important;||\u00bb custom_css_member_position=\u00bbmargin-bottom:10px;\u00bb global_colors_info=\u00bb{}\u00bb sticky_enabled=\u00bb0&#8243; title_text=\u00bbimagen\u00bb]<\/p>\n<p style=\"text-align: center;\"><span data-teams=\"true\">Director de <strong>ICGON y BCNatal <\/strong>de los Hospitales Cl\u00ednic Barcelona y Sant Joan de Deu. Catedr\u00e1tico de la Universidad de Barcelona<\/span><\/p>\n<p>[\/et_pb_team_member][\/et_pb_column][\/et_pb_row][et_pb_row column_structure=\u00bb1_4,1_4,1_4,1_4&#8243; use_custom_gutter=\u00bbon\u00bb gutter_width=\u00bb3&#8243; _builder_version=\u00bb4.20.2&#8243; _module_preset=\u00bbdefault\u00bb global_colors_info=\u00bb{}\u00bb locked=\u00bboff\u00bb][et_pb_column type=\u00bb1_4&#8243; _builder_version=\u00bb4.20.2&#8243; _module_preset=\u00bbdefault\u00bb global_colors_info=\u00bb{}\u00bb][et_pb_team_member name=\u00bbRaquel G\u00f3mez P\u00e9rez\u00bb position=\u00bbSecretario\u00bb image_url=\u00bbhttps:\/\/fundaciomonclinicbarcelona.cat\/wp-content\/uploads\/2024\/05\/Raquel.jpg\u00bb _builder_version=\u00bb4.20.2&#8243; _module_preset=\u00bbdefault\u00bb header_font=\u00bb|600|||||||\u00bb header_text_align=\u00bbcenter\u00bb header_text_color=\u00bb#184887&#8243; position_text_align=\u00bbcenter\u00bb custom_css_member_image=\u00bbclip-path:circle(50%);||width:180px;||height:180px;||overflow:hidden;||margin:20px auto 20px !important;||\u00bb custom_css_member_position=\u00bbmargin-bottom:10px;\u00bb global_colors_info=\u00bb{}\u00bb]<\/p>\n<p style=\"text-align: center;\"><span>Abogada Especialista en derecho de <strong>Fundaciones y Asociaciones<\/strong><\/span><\/p>\n<p>[\/et_pb_team_member][\/et_pb_column][et_pb_column type=\u00bb1_4&#8243; _builder_version=\u00bb4.20.2&#8243; _module_preset=\u00bbdefault\u00bb global_colors_info=\u00bb{}\u00bb][\/et_pb_column][et_pb_column type=\u00bb1_4&#8243; _builder_version=\u00bb4.20.2&#8243; _module_preset=\u00bbdefault\u00bb global_colors_info=\u00bb{}\u00bb][\/et_pb_column][et_pb_column type=\u00bb1_4&#8243; _builder_version=\u00bb4.20.2&#8243; _module_preset=\u00bbdefault\u00bb global_colors_info=\u00bb{}\u00bb][\/et_pb_column][\/et_pb_row][\/et_pb_section][et_pb_section fb_built=\u00bb1&#8243; module_id=\u00bbtransparencia\u00bb _builder_version=\u00bb4.20.2&#8243; _module_preset=\u00bbdefault\u00bb custom_padding=\u00bb50px||50px||true|false\u00bb global_colors_info=\u00bb{}\u00bb][et_pb_row use_custom_gutter=\u00bbon\u00bb gutter_width=\u00bb3&#8243; _builder_version=\u00bb4.20.2&#8243; _module_preset=\u00bbdefault\u00bb custom_padding=\u00bb||20px||false|false\u00bb global_colors_info=\u00bb{}\u00bb][et_pb_column type=\u00bb4_4&#8243; _builder_version=\u00bb4.20.2&#8243; _module_preset=\u00bbdefault\u00bb global_colors_info=\u00bb{}\u00bb][et_pb_text admin_label=\u00bbText\u00bb _builder_version=\u00bb4.20.2&#8243; _module_preset=\u00bbdefault\u00bb header_3_font=\u00bb|600|||||||\u00bb header_3_text_align=\u00bbcenter\u00bb header_3_text_color=\u00bb#707070&#8243; header_3_font_size=\u00bb28px\u00bb global_colors_info=\u00bb{}\u00bb]<\/p>\n<h3>Transparencia<\/h3>\n<p>[\/et_pb_text][\/et_pb_column][\/et_pb_row][et_pb_row column_structure=\u00bb1_2,1_2&#8243; use_custom_gutter=\u00bbon\u00bb gutter_width=\u00bb3&#8243; _builder_version=\u00bb4.20.2&#8243; _module_preset=\u00bbdefault\u00bb global_colors_info=\u00bb{}\u00bb][et_pb_column type=\u00bb1_2&#8243; _builder_version=\u00bb4.20.2&#8243; _module_preset=\u00bbdefault\u00bb global_colors_info=\u00bb{}\u00bb][et_pb_text _builder_version=\u00bb4.20.2&#8243; _module_preset=\u00bbdefault\u00bb text_text_color=\u00bb#707070&#8243; global_colors_info=\u00bb{}\u00bb]<\/p>\n<p class=\"p1\">Para la Fundaci\u00f3n la transparencia es un bien p\u00fablico esencial que contribuye a generar la confianza de la sociedad en las entidades y responde al compromiso \u00e9tico de las mismas de rendir cuentas ante los ciudadanos y los grupos de inter\u00e9s.<\/p>\n<p>[\/et_pb_text][\/et_pb_column][et_pb_column type=\u00bb1_2&#8243; _builder_version=\u00bb4.20.2&#8243; _module_preset=\u00bbdefault\u00bb global_colors_info=\u00bb{}\u00bb][et_pb_text ul_type=\u00bbsquare\u00bb ul_item_indent=\u00bb20px\u00bb _builder_version=\u00bb4.20.2&#8243; _module_preset=\u00bbdefault\u00bb text_text_color=\u00bb#707070&#8243; ul_text_color=\u00bb#184887&#8243; ul_line_height=\u00bb1.8em\u00bb global_colors_info=\u00bb{}\u00bb]<\/p>\n<p class=\"p1\">Por eso, la Fundaci\u00f3n cumple con las obligaciones de transparencia que en cada momento le resulten aplicables, permitiendo a cualquier ciudadano, grupo de inter\u00e9s y Administraci\u00f3n p\u00fablica el acceso a informaci\u00f3n relevante, actualizada y veraz sobre la entidad. La informaci\u00f3n ser\u00e1 localizable f\u00e1cilmente en la web de la Fundaci\u00f3n y, en su caso, en otros medios accesibles al p\u00fablico.<\/p>\n<p>[\/et_pb_text][\/et_pb_column][\/et_pb_row][et_pb_row column_structure=\u00bb1_6,1_6,1_6,1_6,1_6,1_6&#8243; _builder_version=\u00bb4.20.2&#8243; _module_preset=\u00bbdefault\u00bb custom_margin=\u00bb50px||||false|false\u00bb global_colors_info=\u00bb{}\u00bb][et_pb_column type=\u00bb1_6&#8243; _builder_version=\u00bb4.20.2&#8243; _module_preset=\u00bbdefault\u00bb global_colors_info=\u00bb{}\u00bb][et_pb_blurb title=\u00bbEstatutos\u00bb use_icon=\u00bbon\u00bb font_icon=\u00bb&#xe059;||divi||400&#8243; icon_color=\u00bb#88D2E4&#8243; image_icon_width=\u00bb64px\u00bb icon_alignment=\u00bbleft\u00bb _builder_version=\u00bb4.20.2&#8243; _module_preset=\u00bbdefault\u00bb header_text_color=\u00bb#184887&#8243; global_colors_info=\u00bb{}\u00bb]<\/p>\n<p><a href=\"https:\/\/fundaciomonclinicbarcelona.cat\/wp-content\/uploads\/2023\/05\/Estatuts-segons-Protectorat.pdf\" rel=\"attachment wp-att-837\">Estatutos seg\u00fan Protectorado<\/a><\/p>\n<p>[\/et_pb_blurb][\/et_pb_column][et_pb_column type=\u00bb1_6&#8243; _builder_version=\u00bb4.20.2&#8243; _module_preset=\u00bbdefault\u00bb global_colors_info=\u00bb{}\u00bb][et_pb_blurb title=\u00bbMemorias anuales\u00bb use_icon=\u00bbon\u00bb font_icon=\u00bb&#xf02d;||fa||900&#8243; icon_color=\u00bb#88D2E4&#8243; image_icon_width=\u00bb64px\u00bb icon_alignment=\u00bbleft\u00bb _builder_version=\u00bb4.20.2&#8243; _module_preset=\u00bbdefault\u00bb header_text_color=\u00bb#184887&#8243; global_colors_info=\u00bb{}\u00bb]<\/p>\n<p><a href=\"https:\/\/fundaciomonclinicbarcelona.cat\/wp-content\/uploads\/2025\/07\/MEMORIA-2024_CAT-1.pdf\" rel=\"attachment wp-att-2247\">MEMORIA 2024_CAT<\/a><\/p>\n<p><a href=\"https:\/\/fundaciomonclinicbarcelona.cat\/wp-content\/uploads\/2025\/06\/PROJECTE-MEMORIA-2023_CAT-1.pdf\" rel=\"attachment wp-att-2224\">MEMORIA 2023_CAT<\/a><\/p>\n<p><a href=\"https:\/\/fundaciomonclinicbarcelona.cat\/wp-content\/uploads\/2023\/07\/MEMORIA-2022_CAT-1.pdf\" rel=\"attachment wp-att-1145\">MEMORIA 2022_CAT<\/a><\/p>\n<p>[\/et_pb_blurb][\/et_pb_column][et_pb_column type=\u00bb1_6&#8243; _builder_version=\u00bb4.20.2&#8243; _module_preset=\u00bbdefault\u00bb global_colors_info=\u00bb{}\u00bb][et_pb_blurb title=\u00bbInformaci\u00f3n corporativa\u00bb url=\u00bb@ET-DC@eyJkeW5hbWljIjp0cnVlLCJjb250ZW50IjoicG9zdF9saW5rX3VybF9hdHRhY2htZW50Iiwic2V0dGluZ3MiOnsicG9zdF9pZCI6IjEzMDcifX0=@\u00bb image=\u00bbhttps:\/\/fundaciomonclinicbarcelona.cat\/wp-content\/uploads\/2023\/05\/logo-blau.svg\u00bb image_icon_width=\u00bb52px\u00bb icon_alignment=\u00bbleft\u00bb _builder_version=\u00bb4.20.2&#8243; _dynamic_attributes=\u00bburl,link_option_url\u00bb _module_preset=\u00bbdefault\u00bb header_text_color=\u00bb#184887&#8243; link_option_url=\u00bb@ET-DC@eyJkeW5hbWljIjp0cnVlLCJjb250ZW50IjoicG9zdF9saW5rX3VybF9hdHRhY2htZW50Iiwic2V0dGluZ3MiOnsicG9zdF9pZCI6IjEzMDcifX0=@\u00bb global_colors_info=\u00bb{}\u00bb]<\/p>\n<p><a href=\"https:\/\/fundaciomonclinicbarcelona.cat\/wp-content\/uploads\/2025\/07\/2024_Comptes-Anuals.pdf\" rel=\"attachment wp-att-2234\">2024_Cuentas Anuales<\/a><\/p>\n<p><a href=\"https:\/\/fundaciomonclinicbarcelona.cat\/wp-content\/uploads\/2024\/08\/Informe-de-Auditoria-y-Cuentas-Anuales-FMCB-2023_DEF.pdf\" rel=\"attachment wp-att-1334\">2023_Cuentas Anuales<\/a><\/p>\n<p><a href=\"https:\/\/fundaciomonclinicbarcelona.cat\/wp-content\/uploads\/2024\/08\/22-Informe-Auditoria-CCAA-FMCB-2022.pdf\" rel=\"attachment wp-att-1331\">2022_Cuentas Anuales<\/a><\/p>\n<p>&nbsp;<\/p>\n<p>[\/et_pb_blurb][\/et_pb_column][et_pb_column type=\u00bb1_6&#8243; _builder_version=\u00bb4.20.2&#8243; _module_preset=\u00bbdefault\u00bb global_colors_info=\u00bb{}\u00bb][\/et_pb_column][et_pb_column type=\u00bb1_6&#8243; _builder_version=\u00bb4.20.2&#8243; _module_preset=\u00bbdefault\u00bb global_colors_info=\u00bb{}\u00bb][\/et_pb_column][et_pb_column type=\u00bb1_6&#8243; _builder_version=\u00bb4.20.2&#8243; _module_preset=\u00bbdefault\u00bb global_colors_info=\u00bb{}\u00bb][\/et_pb_column][\/et_pb_row][\/et_pb_section]<\/p>\n","protected":false},"excerpt":{"rendered":"<p>Somos una entidad privada, sin \u00e1nimo de lucro, con profundo arraigo en el Cl\u00ednic Barcelona.Misi\u00f3nProteger la sanidad y fortalecer la salud de las personas con el fin de ayudar a la mejora de la calidad de vida de todos los ciudadanos y potenciar el progreso de los profesionales de la salud.Visi\u00f3nQueremos ser una organizaci\u00f3n:Innovadora que [&hellip;]<\/p>\n","protected":false},"author":1,"featured_media":0,"parent":0,"menu_order":0,"comment_status":"closed","ping_status":"closed","template":"","meta":{"_et_pb_use_builder":"on","_et_pb_old_content":"","_et_gb_content_width":"","inline_featured_image":false,"footnotes":""},"class_list":["post-393","page","type-page","status-publish","hentry"],"_links":{"self":[{"href":"https:\/\/fundaciomonclinicbarcelona.cat\/es\/wp-json\/wp\/v2\/pages\/393","targetHints":{"allow":["GET"]}}],"collection":[{"href":"https:\/\/fundaciomonclinicbarcelona.cat\/es\/wp-json\/wp\/v2\/pages"}],"about":[{"href":"https:\/\/fundaciomonclinicbarcelona.cat\/es\/wp-json\/wp\/v2\/types\/page"}],"author":[{"embeddable":true,"href":"https:\/\/fundaciomonclinicbarcelona.cat\/es\/wp-json\/wp\/v2\/users\/1"}],"replies":[{"embeddable":true,"href":"https:\/\/fundaciomonclinicbarcelona.cat\/es\/wp-json\/wp\/v2\/comments?post=393"}],"version-history":[{"count":117,"href":"https:\/\/fundaciomonclinicbarcelona.cat\/es\/wp-json\/wp\/v2\/pages\/393\/revisions"}],"predecessor-version":[{"id":2434,"href":"https:\/\/fundaciomonclinicbarcelona.cat\/es\/wp-json\/wp\/v2\/pages\/393\/revisions\/2434"}],"wp:attachment":[{"href":"https:\/\/fundaciomonclinicbarcelona.cat\/es\/wp-json\/wp\/v2\/media?parent=393"}],"curies":[{"name":"wp","href":"https:\/\/api.w.org\/{rel}","templated":true}]}}